{"id":456,"date":"2021-09-04T13:46:48","date_gmt":"2021-09-04T11:46:48","guid":{"rendered":"https:\/\/fullgroove-live.com\/?page_id=456"},"modified":"2025-03-15T16:11:04","modified_gmt":"2025-03-15T15:11:04","slug":"agenda-full-groove","status":"publish","type":"page","link":"https:\/\/fullgroove-live.com\/index.php\/agenda-full-groove\/","title":{"rendered":"Agenda Full Groove"},"content":{"rendered":"\n<h1>Tour Dates &#8211; Full Groove<\/h1>\n\n\n\n<h2>2025<\/h2>\n\n\n\n<figure class=\"wp-block-table is-style-stripes\"><table class=\"has-fixed-layout\"><tbody><tr><td>1er Ao\u00fbt<\/td><td>F\u00eate Nationale<\/td><td class=\"has-text-align-left\" data-align=\"left\">Concert \u00e0 21H30<br>Genthod (Gen\u00e8ve)<\/td><\/tr><tr><td>5 Juillet<\/td><td>F\u00eate Municipale<\/td><td class=\"has-text-align-left\" data-align=\"left\">Bonneville<\/td><\/tr><tr><td>4 Juillet<\/td><td>Festival Jazz<\/td><td class=\"has-text-align-left\" data-align=\"left\">Yvoire<\/td><\/tr><tr><td>27 Juin<\/td><td> F\u00eate des Promotions<\/td><td class=\"has-text-align-left\" data-align=\"left\">Concert \u00e0 21H30<br>Ch\u00eane-Bourg (Gen\u00e8ve) <\/td><\/tr><\/tbody><\/table><\/figure>\n\n\n\n<h2>2024<\/h2>\n\n\n\n<figure class=\"wp-block-table is-style-stripes\"><table class=\"has-fixed-layout\"><tbody><tr><td>7 Septembre<\/td><td>Ouverture de la saison culturelle<\/td><td class=\"has-text-align-left\" data-align=\"left\">Concert \u00e0 21H30<br>Th\u00f4nes <\/td><\/tr><tr><td>4 Juillet<\/td><td>Festival \u00ab\u00a0On ferme la rue\u00a0\u00bb &#8211; AFOZIC<\/td><td class=\"has-text-align-left\" data-align=\"left\"> Concert \u00e0 20h30<br>Quai de Warens<br>Sallanches<\/td><\/tr><tr><td>8 F\u00e9vrier<\/td><td> After-Ski party &#8211; AFOZIC<\/td><td class=\"has-text-align-left\" data-align=\"left\">Les Menuires<\/td><\/tr><\/tbody><\/table><\/figure>\n\n\n\n<h2>2023<\/h2>\n\n\n\n<figure class=\"wp-block-table is-style-stripes\"><table class=\"has-fixed-layout\"><tbody><tr><td>25 Novembre<\/td><td><a href=\"https:\/\/www.thonex.ch\/agenda\/10-ans-de-la-culture-de-thonex\/\" target=\"_blank\" rel=\"noreferrer noopener\">10 ans de la Culture !<\/a><\/td><td class=\"has-text-align-left\" data-align=\"left\">Concert \u00e0 20H<br>Espace culturel du Bois-des-Arts<br>Chem. du Bois-des-Arts 62<br>Th\u00f4nex <\/td><\/tr><tr><td>1er Ao\u00fbt<\/td><td>F\u00eate Nationale<\/td><td class=\"has-text-align-left\" data-align=\"left\"> Ch\u00eane-Bourg (Gen\u00e8ve)<\/td><\/tr><tr><td>10 Juin<\/td><td> Festival Les Marnivals <\/td><td class=\"has-text-align-left\" data-align=\"left\">Concert \u00e0 18H30<br>Marignier (74)<\/td><\/tr><\/tbody><\/table><\/figure>\n\n\n\n<h2>2022<\/h2>\n\n\n\n<figure class=\"wp-block-table is-style-stripes\"><table class=\"has-fixed-layout\"><tbody><tr><td>30 Septembre<\/td><td><a href=\"https:\/\/www.voguedeveyrier.com\/\">Vogue de Veyrier<\/a><\/td><td class=\"has-text-align-left\" data-align=\"left\">Veyrier (Gen\u00e8ve)<\/td><\/tr><tr><td>13 Juillet<\/td><td> F\u00eate Nationale <\/td><td class=\"has-text-align-left\" data-align=\"left\">Concert \u00e0 21H30<br>Pr\u00e9vessins-Moens (France)  <\/td><\/tr><tr><td>10 Juillet<\/td><td> Ev\u00e8nement Tour de France 2022 <\/td><td class=\"has-text-align-left\" data-align=\"left\">Concert \u00e0 18H<br>Place de la Navigation \/&nbsp;Lausanne<br>(Suisse) <\/td><\/tr><tr><td>1er Juillet<\/td><td> <a href=\"https:\/\/www.les-musicales.net\/\" target=\"_blank\" rel=\"noreferrer noopener\">Les Musicales<\/a><\/td><td class=\"has-text-align-left\" data-align=\"left\">Concert \u00e0 20H<br>Cour 1603<br>1 rue Berthollet \/ Saint-Julien-en-Genevois<br>(France) <\/td><\/tr><\/tbody><\/table><\/figure>\n\n\n\n<h2>2021<\/h2>\n\n\n\n<figure class=\"wp-block-table is-style-stripes\"><table class=\"has-fixed-layout\"><tbody><tr><td> 1er Octobre <\/td><td> <a href=\"https:\/\/www.saintpierreenfaucigny.fr\/concert-dautomne-votre-rendez-vous-musical-de-lautomne\/\" target=\"_blank\" rel=\"noreferrer noopener\">Concert d&rsquo;Automne<\/a> <\/td><td class=\"has-text-align-left\" data-align=\"left\">Concert \u00e0 20H30<br>Espace Armand Bouvard<br>Rue des sports \/ Saint-Pierre-en-Faucigny (France) <\/td><\/tr><tr><td>11 Septembre<\/td><td><a href=\"http:\/\/www.le-chapel-festival.ch\" target=\"_blank\" rel=\"noreferrer noopener\">Festival CHAPEL<\/a><\/td><td class=\"has-text-align-left\" data-align=\"left\">Concert \u00e0 22H30<br>Parc de la chappelle \/&nbsp;Grand-Lancy (Suisse)<\/td><\/tr><\/tbody><\/table><\/figure>\n\n\n\n<h2>2019<\/h2>\n\n\n\n<figure class=\"wp-block-table is-style-stripes\"><table class=\"has-fixed-layout\"><tbody><tr><td>6 Juillet<\/td><td><a href=\"http:\/\/www.rockomarais.net\/\" target=\"_blank\" rel=\"noreferrer noopener\">Rock&rsquo; O Marais<\/a><\/td><td class=\"has-text-align-left\" data-align=\"left\">Concert \u00e0 23H30<br>Poisy (France)<\/td><\/tr><tr><td>21 Juin<\/td><td><a href=\"http:\/\/www.metissages.org\/2\/\" target=\"_blank\" rel=\"noreferrer noopener\">Festival M\u00e9tissages<\/a><\/td><td class=\"has-text-align-left\" data-align=\"left\">Bernex (Suisse)<\/td><\/tr><tr><td>8 Juin<\/td><td><a>F\u00eate interculturelle de Nyon<\/a><\/td><td class=\"has-text-align-left\" data-align=\"left\">Nyon (Suisse)<\/td><\/tr><tr><td>18 Mai<\/td><td><a>Zone Pi\u00e9tonne de la Neuveville<\/a><\/td><td class=\"has-text-align-left\" data-align=\"left\">Neuveville (Suisse)<\/td><\/tr><\/tbody><\/table><\/figure>\n\n\n\n<h2>2018<\/h2>\n\n\n\n<figure class=\"wp-block-table is-style-stripes\"><table class=\"has-fixed-layout\"><tbody><tr><td>13 Juillet<\/td><td><a>Les Musicales<\/a><\/td><td class=\"has-text-align-left\" data-align=\"left\">Saint-Julien-En-Genevois (France)<\/td><\/tr><tr><td>29 Juin<\/td><td><a>F\u00eate des Ecoles<\/a><\/td><td class=\"has-text-align-left\" data-align=\"left\">Meyrin (Suisse)<\/td><\/tr><tr><td>15 Juin<\/td><td><a>Les 15 ans de Cabestan<\/a><\/td><td class=\"has-text-align-left\" data-align=\"left\"><a>Roybon (France<\/a>)<\/td><\/tr><tr><td>8 Juin<\/td><td>Corporate Event<\/td><td class=\"has-text-align-left\" data-align=\"left\">Gen\u00e8ve (Suisse)<\/td><\/tr><tr><td>29 Avril<\/td><td><a>20 kms de Lausanne<\/a><\/td><td class=\"has-text-align-left\" data-align=\"left\">Sc\u00e8ne Coubertin<br>Lausanne (Suisse)<\/td><\/tr><tr><td>10 Mars<\/td><td><a>Mr Pickwick<\/a><\/td><td class=\"has-text-align-left\" data-align=\"left\">Gen\u00e8ve (Suisse)<\/td><\/tr><\/tbody><\/table><\/figure>\n","protected":false},"excerpt":{"rendered":"<p>Tour Dates &#8211; Full Groove 2025 1er Ao\u00fbt F\u00eate Nationale Concert \u00e0 21H30Genthod (Gen\u00e8ve) 5 Juillet F\u00eate Municipale Bonneville 4 Juillet Festival Jazz Yvoire 27 Juin F\u00eate des Promotions Concert \u00e0 21H30Ch\u00eane-Bourg (Gen\u00e8ve) 2024 7 Septembre Ouverture de la saison culturelle Concert \u00e0 21H30Th\u00f4nes 4 Juillet Festival \u00ab\u00a0On ferme la rue\u00a0\u00bb &#8211; AFOZIC Concert \u00e0<\/p>\n","protected":false},"author":1,"featured_media":0,"parent":0,"menu_order":0,"comment_status":"closed","ping_status":"closed","template":"","meta":[],"yoast_head":"<!-- This site is optimized with the Yoast SEO plugin v16.8 - https:\/\/yoast.com\/wordpress\/plugins\/seo\/ -->\n<title>Agenda Full Groove - Association Full Groove<\/title>\n<meta name=\"robots\" content=\"index, follow, max-snippet:-1, max-image-preview:large, max-video-preview:-1\" \/>\n<link rel=\"canonical\" href=\"https:\/\/fullgroove-live.com\/index.php\/agenda-full-groove\/\" \/>\n<meta property=\"og:locale\" content=\"fr_FR\" \/>\n<meta property=\"og:type\" content=\"article\" \/>\n<meta property=\"og:title\" content=\"Agenda Full Groove - Association Full Groove\" \/>\n<meta property=\"og:description\" content=\"Tour Dates &#8211; Full Groove 2025 1er Ao\u00fbt F\u00eate Nationale Concert \u00e0 21H30Genthod (Gen\u00e8ve) 5 Juillet F\u00eate Municipale Bonneville 4 Juillet Festival Jazz Yvoire 27 Juin F\u00eate des Promotions Concert \u00e0 21H30Ch\u00eane-Bourg (Gen\u00e8ve) 2024 7 Septembre Ouverture de la saison culturelle Concert \u00e0 21H30Th\u00f4nes 4 Juillet Festival \u00ab\u00a0On ferme la rue\u00a0\u00bb &#8211; AFOZIC Concert \u00e0\" \/>\n<meta property=\"og:url\" content=\"https:\/\/fullgroove-live.com\/index.php\/agenda-full-groove\/\" \/>\n<meta property=\"og:site_name\" content=\"Association Full Groove\" \/>\n<meta property=\"article:modified_time\" content=\"2025-03-15T15:11:04+00:00\" \/>\n<meta name=\"twitter:card\" content=\"summary_large_image\" \/>\n<meta name=\"twitter:label1\" content=\"Dur\u00e9e de lecture est.\" \/>\n\t<meta name=\"twitter:data1\" content=\"2 minutes\" \/>\n<script type=\"application\/ld+json\" class=\"yoast-schema-graph\">{\"@context\":\"https:\/\/schema.org\",\"@graph\":[{\"@type\":\"WebSite\",\"@id\":\"https:\/\/fullgroove-live.com\/#website\",\"url\":\"https:\/\/fullgroove-live.com\/\",\"name\":\"Association Full Groove\",\"description\":\"\",\"potentialAction\":[{\"@type\":\"SearchAction\",\"target\":{\"@type\":\"EntryPoint\",\"urlTemplate\":\"https:\/\/fullgroove-live.com\/?s={search_term_string}\"},\"query-input\":\"required name=search_term_string\"}],\"inLanguage\":\"fr-FR\"},{\"@type\":\"WebPage\",\"@id\":\"https:\/\/fullgroove-live.com\/index.php\/agenda-full-groove\/#webpage\",\"url\":\"https:\/\/fullgroove-live.com\/index.php\/agenda-full-groove\/\",\"name\":\"Agenda Full Groove - Association Full Groove\",\"isPartOf\":{\"@id\":\"https:\/\/fullgroove-live.com\/#website\"},\"datePublished\":\"2021-09-04T11:46:48+00:00\",\"dateModified\":\"2025-03-15T15:11:04+00:00\",\"breadcrumb\":{\"@id\":\"https:\/\/fullgroove-live.com\/index.php\/agenda-full-groove\/#breadcrumb\"},\"inLanguage\":\"fr-FR\",\"potentialAction\":[{\"@type\":\"ReadAction\",\"target\":[\"https:\/\/fullgroove-live.com\/index.php\/agenda-full-groove\/\"]}]},{\"@type\":\"BreadcrumbList\",\"@id\":\"https:\/\/fullgroove-live.com\/index.php\/agenda-full-groove\/#breadcrumb\",\"itemListElement\":[{\"@type\":\"ListItem\",\"position\":1,\"name\":\"Accueil\",\"item\":\"https:\/\/fullgroove-live.com\/\"},{\"@type\":\"ListItem\",\"position\":2,\"name\":\"Agenda Full Groove\"}]}]}<\/script>\n<!-- \/ Yoast SEO plugin. -->","yoast_head_json":{"title":"Agenda Full Groove - Association Full Groove","robots":{"index":"index","follow":"follow","max-snippet":"max-snippet:-1","max-image-preview":"max-image-preview:large","max-video-preview":"max-video-preview:-1"},"canonical":"https:\/\/fullgroove-live.com\/index.php\/agenda-full-groove\/","og_locale":"fr_FR","og_type":"article","og_title":"Agenda Full Groove - Association Full Groove","og_description":"Tour Dates &#8211; Full Groove 2025 1er Ao\u00fbt F\u00eate Nationale Concert \u00e0 21H30Genthod (Gen\u00e8ve) 5 Juillet F\u00eate Municipale Bonneville 4 Juillet Festival Jazz Yvoire 27 Juin F\u00eate des Promotions Concert \u00e0 21H30Ch\u00eane-Bourg (Gen\u00e8ve) 2024 7 Septembre Ouverture de la saison culturelle Concert \u00e0 21H30Th\u00f4nes 4 Juillet Festival \u00ab\u00a0On ferme la rue\u00a0\u00bb &#8211; AFOZIC Concert \u00e0","og_url":"https:\/\/fullgroove-live.com\/index.php\/agenda-full-groove\/","og_site_name":"Association Full Groove","article_modified_time":"2025-03-15T15:11:04+00:00","twitter_card":"summary_large_image","twitter_misc":{"Dur\u00e9e de lecture est.":"2 minutes"},"schema":{"@context":"https:\/\/schema.org","@graph":[{"@type":"WebSite","@id":"https:\/\/fullgroove-live.com\/#website","url":"https:\/\/fullgroove-live.com\/","name":"Association Full Groove","description":"","potentialAction":[{"@type":"SearchAction","target":{"@type":"EntryPoint","urlTemplate":"https:\/\/fullgroove-live.com\/?s={search_term_string}"},"query-input":"required name=search_term_string"}],"inLanguage":"fr-FR"},{"@type":"WebPage","@id":"https:\/\/fullgroove-live.com\/index.php\/agenda-full-groove\/#webpage","url":"https:\/\/fullgroove-live.com\/index.php\/agenda-full-groove\/","name":"Agenda Full Groove - Association Full Groove","isPartOf":{"@id":"https:\/\/fullgroove-live.com\/#website"},"datePublished":"2021-09-04T11:46:48+00:00","dateModified":"2025-03-15T15:11:04+00:00","breadcrumb":{"@id":"https:\/\/fullgroove-live.com\/index.php\/agenda-full-groove\/#breadcrumb"},"inLanguage":"fr-FR","potentialAction":[{"@type":"ReadAction","target":["https:\/\/fullgroove-live.com\/index.php\/agenda-full-groove\/"]}]},{"@type":"BreadcrumbList","@id":"https:\/\/fullgroove-live.com\/index.php\/agenda-full-groove\/#breadcrumb","itemListElement":[{"@type":"ListItem","position":1,"name":"Accueil","item":"https:\/\/fullgroove-live.com\/"},{"@type":"ListItem","position":2,"name":"Agenda Full Groove"}]}]}},"_links":{"self":[{"href":"https:\/\/fullgroove-live.com\/index.php\/wp-json\/wp\/v2\/pages\/456"}],"collection":[{"href":"https:\/\/fullgroove-live.com\/index.php\/wp-json\/wp\/v2\/pages"}],"about":[{"href":"https:\/\/fullgroove-live.com\/index.php\/wp-json\/wp\/v2\/types\/page"}],"author":[{"embeddable":true,"href":"https:\/\/fullgroove-live.com\/index.php\/wp-json\/wp\/v2\/users\/1"}],"replies":[{"embeddable":true,"href":"https:\/\/fullgroove-live.com\/index.php\/wp-json\/wp\/v2\/comments?post=456"}],"version-history":[{"count":58,"href":"https:\/\/fullgroove-live.com\/index.php\/wp-json\/wp\/v2\/pages\/456\/revisions"}],"predecessor-version":[{"id":989,"href":"https:\/\/fullgroove-live.com\/index.php\/wp-json\/wp\/v2\/pages\/456\/revisions\/989"}],"wp:attachment":[{"href":"https:\/\/fullgroove-live.com\/index.php\/wp-json\/wp\/v2\/media?parent=456"}],"curies":[{"name":"wp","href":"https:\/\/api.w.org\/{rel}","templated":true}]}}